{"id":5209,"date":"2021-03-07T14:29:36","date_gmt":"2021-03-07T14:29:36","guid":{"rendered":"https:\/\/www.seminariospc.edu.co\/?page_id=5209"},"modified":"2021-03-07T14:36:17","modified_gmt":"2021-03-07T14:36:17","slug":"el-gobierno-escolar","status":"publish","type":"page","link":"https:\/\/seminariospc.edu.co\/?page_id=5209","title":{"rendered":"EL GOBIERNO ESCOLAR"},"content":{"rendered":"\t\t<div data-elementor-type=\"wp-page\" data-elementor-id=\"5209\" class=\"elementor elementor-5209\" data-elementor-settings=\"[]\">\n\t\t\t\t\t\t\t<div class=\"elementor-section-wrap\">\n\t\t\t\t\t\t\t<section class=\"elementor-section elementor-top-section elementor-element elementor-element-93c1d18 elementor-section-boxed elementor-section-height-default elementor-section-height-default\" data-id=\"93c1d18\" data-element_type=\"section\">\n\t\t\t\t\t\t<div class=\"elementor-container elementor-column-gap-default\">\n\t\t\t\t\t<div class=\"elementor-column elementor-col-100 elementor-top-column elementor-element elementor-element-cc770db\" data-id=\"cc770db\" data-element_type=\"column\">\n\t\t\t<div class=\"elementor-widget-wrap elementor-element-populated\">\n\t\t\t\t\t\t\t\t<div class=\"elementor-element elementor-element-3b1e315 elementor-widget elementor-widget-image\" data-id=\"3b1e315\" data-element_type=\"widget\" data-widget_type=\"image.default\">\n\t\t\t\t<div class=\"elementor-widget-container\">\n\t\t\t\t\t\t\t\t\t\t\t\t\t\t\t<img loading=\"lazy\" decoding=\"async\" width=\"1024\" height=\"404\" src=\"https:\/\/seminariospc.edu.co\/wp-content\/uploads\/2021\/03\/lighthouse-924065_1920-e1474551434576-1024x404.jpg\" class=\"attachment-large size-large\" alt=\"\" srcset=\"https:\/\/seminariospc.edu.co\/wp-content\/uploads\/2021\/03\/lighthouse-924065_1920-e1474551434576-1024x404.jpg 1024w, https:\/\/seminariospc.edu.co\/wp-content\/uploads\/2021\/03\/lighthouse-924065_1920-e1474551434576-300x118.jpg 300w, https:\/\/seminariospc.edu.co\/wp-content\/uploads\/2021\/03\/lighthouse-924065_1920-e1474551434576-768x303.jpg 768w, https:\/\/seminariospc.edu.co\/wp-content\/uploads\/2021\/03\/lighthouse-924065_1920-e1474551434576-1536x606.jpg 1536w, https:\/\/seminariospc.edu.co\/wp-content\/uploads\/2021\/03\/lighthouse-924065_1920-e1474551434576.jpg 1920w\" sizes=\"auto, (max-width: 1024px) 100vw, 1024px\" \/>\t\t\t\t\t\t\t\t\t\t\t\t\t\t\t<\/div>\n\t\t\t\t<\/div>\n\t\t\t\t<div class=\"elementor-element elementor-element-0ff25ca elementor-widget elementor-widget-text-editor\" data-id=\"0ff25ca\" data-element_type=\"widget\" data-widget_type=\"text-editor.default\">\n\t\t\t\t<div class=\"elementor-widget-container\">\n\t\t\t\t\t\t\t<p>El Gobierno Escolar es la instancia para la participaci\u00f3n democr\u00e1tica de todos los estamentos de la comunidad educativa con el \u00e1nimo de fortalecer, proyectar y consolidar en el \u00e1mbito Municipal, Departamental y Nacional al Seminario San Pedro Claver.<\/p><p><strong>FINES\u00a0<\/strong><\/p><ul><li>Promover la participaci\u00f3n seria y responsable de la comunidad educativa en la vida escolar.<\/li><li>Considerar las iniciativas de cada estamento de la comunidad educativa que redunden en beneficio de los estudiantes y de la instituci\u00f3n educativa.<\/li><li>Impulsar y promover los valores y principios institucionales como fundamento para la construcci\u00f3n de una nueva sociedad y un ser humano nuevo.<\/li><li>Contribuir con la formaci\u00f3n de los seminaristas claverianos para que asuman responsablemente sus deberes y sus derechos y vivan su ciudadan\u00eda activamente.<\/li><\/ul><p><strong>ESTRUCTURA<\/strong><\/p><p>Los \u00f3rganos del gobierno escolar est\u00e1n conformados por los estamentos que integren la Comunidad Educativa del <strong>SEMINARIO SAN PEDRO CLAVER<\/strong>.<\/p><ul><li>\u00b7 Director Administrativo<\/li><li>\u00b7 Consejo Directivo<\/li><li>\u00b7 Rector<\/li><li>\u00b7 Comit\u00e9 Directivo<\/li><li>\u00b7 Consejo Acad\u00e9mico<\/li><li>\u00b7 Comit\u00e9 de Convivencia Escolar<\/li><li>\u00b7 Personer\u00eda Estudiantil<\/li><li>\u00b7 Consejo de Estudiantes<\/li><li>\u00b7 Consejo de Padres de Familia<\/li><li>\u00b7 Asociaci\u00f3n de Padres de Familia<\/li><li>\u00b7 Asociaci\u00f3n de Ex alumnos<\/li><\/ul>\t\t\t\t\t\t<\/div>\n\t\t\t\t<\/div>\n\t\t\t\t\t<\/div>\n\t\t<\/div>\n\t\t\t\t\t\t\t<\/div>\n\t\t<\/section>\n\t\t\t\t\t\t<\/div>\n\t\t\t\t\t<\/div>\n\t\t","protected":false},"excerpt":{"rendered":"<p>El Gobierno Escolar es la instancia para la participaci\u00f3n democr\u00e1tica de todos los estamentos de la comunidad educativa con el \u00e1nimo de fortalecer, proyectar y consolidar en el \u00e1mbito Municipal, Departamental y Nacional al Seminario San Pedro Claver. FINES\u00a0 Promover la participaci\u00f3n seria y responsable de la comunidad educativa en la vida escolar. Considerar las &hellip;<\/p>\n","protected":false},"author":1,"featured_media":5215,"parent":0,"menu_order":0,"comment_status":"closed","ping_status":"closed","template":"","meta":{"footnotes":""},"class_list":["post-5209","page","type-page","status-publish","has-post-thumbnail","hentry"],"_links":{"self":[{"href":"https:\/\/seminariospc.edu.co\/index.php?rest_route=\/wp\/v2\/pages\/5209","targetHints":{"allow":["GET"]}}],"collection":[{"href":"https:\/\/seminariospc.edu.co\/index.php?rest_route=\/wp\/v2\/pages"}],"about":[{"href":"https:\/\/seminariospc.edu.co\/index.php?rest_route=\/wp\/v2\/types\/page"}],"author":[{"embeddable":true,"href":"https:\/\/seminariospc.edu.co\/index.php?rest_route=\/wp\/v2\/users\/1"}],"replies":[{"embeddable":true,"href":"https:\/\/seminariospc.edu.co\/index.php?rest_route=%2Fwp%2Fv2%2Fcomments&post=5209"}],"version-history":[{"count":9,"href":"https:\/\/seminariospc.edu.co\/index.php?rest_route=\/wp\/v2\/pages\/5209\/revisions"}],"predecessor-version":[{"id":5219,"href":"https:\/\/seminariospc.edu.co\/index.php?rest_route=\/wp\/v2\/pages\/5209\/revisions\/5219"}],"wp:featuredmedia":[{"embeddable":true,"href":"https:\/\/seminariospc.edu.co\/index.php?rest_route=\/wp\/v2\/media\/5215"}],"wp:attachment":[{"href":"https:\/\/seminariospc.edu.co\/index.php?rest_route=%2Fwp%2Fv2%2Fmedia&parent=5209"}],"curies":[{"name":"wp","href":"https:\/\/api.w.org\/{rel}","templated":true}]}}