{"id":5312,"date":"2021-03-07T17:36:24","date_gmt":"2021-03-07T17:36:24","guid":{"rendered":"https:\/\/www.seminariospc.edu.co\/?page_id=5312"},"modified":"2023-03-24T17:30:56","modified_gmt":"2023-03-24T17:30:56","slug":"consejo-academico","status":"publish","type":"page","link":"https:\/\/seminariospc.edu.co\/?page_id=5312","title":{"rendered":"CONSEJO ACAD\u00c9MICO"},"content":{"rendered":"\t\t<div data-elementor-type=\"wp-page\" data-elementor-id=\"5312\" class=\"elementor elementor-5312\" data-elementor-settings=\"[]\">\n\t\t\t\t\t\t\t<div class=\"elementor-section-wrap\">\n\t\t\t\t\t\t\t<section class=\"elementor-section elementor-top-section elementor-element elementor-element-b75a7ee elementor-section-boxed elementor-section-height-default elementor-section-height-default\" data-id=\"b75a7ee\" data-element_type=\"section\">\n\t\t\t\t\t\t<div class=\"elementor-container elementor-column-gap-default\">\n\t\t\t\t\t<div class=\"elementor-column elementor-col-100 elementor-top-column elementor-element elementor-element-3d843fe\" data-id=\"3d843fe\" data-element_type=\"column\">\n\t\t\t<div class=\"elementor-widget-wrap elementor-element-populated\">\n\t\t\t\t\t\t\t\t<div class=\"elementor-element elementor-element-9878dc2 elementor-widget elementor-widget-image\" data-id=\"9878dc2\" data-element_type=\"widget\" data-widget_type=\"image.default\">\n\t\t\t\t<div class=\"elementor-widget-container\">\n\t\t\t\t\t\t\t\t\t\t\t\t\t\t\t<img loading=\"lazy\" decoding=\"async\" width=\"1024\" height=\"768\" src=\"https:\/\/seminariospc.edu.co\/wp-content\/uploads\/2023\/03\/WhatsApp-Image-2023-03-24-at-12.28.54-PM-1024x768.jpeg\" class=\"attachment-large size-large\" alt=\"\" srcset=\"https:\/\/seminariospc.edu.co\/wp-content\/uploads\/2023\/03\/WhatsApp-Image-2023-03-24-at-12.28.54-PM-1024x768.jpeg 1024w, https:\/\/seminariospc.edu.co\/wp-content\/uploads\/2023\/03\/WhatsApp-Image-2023-03-24-at-12.28.54-PM-300x225.jpeg 300w, https:\/\/seminariospc.edu.co\/wp-content\/uploads\/2023\/03\/WhatsApp-Image-2023-03-24-at-12.28.54-PM-768x576.jpeg 768w, https:\/\/seminariospc.edu.co\/wp-content\/uploads\/2023\/03\/WhatsApp-Image-2023-03-24-at-12.28.54-PM-1536x1152.jpeg 1536w, https:\/\/seminariospc.edu.co\/wp-content\/uploads\/2023\/03\/WhatsApp-Image-2023-03-24-at-12.28.54-PM.jpeg 1600w\" sizes=\"auto, (max-width: 1024px) 100vw, 1024px\" \/>\t\t\t\t\t\t\t\t\t\t\t\t\t\t\t<\/div>\n\t\t\t\t<\/div>\n\t\t\t\t\t<\/div>\n\t\t<\/div>\n\t\t\t\t\t\t\t<\/div>\n\t\t<\/section>\n\t\t\t\t<section class=\"elementor-section elementor-top-section elementor-element elementor-element-1a14c87 elementor-section-boxed elementor-section-height-default elementor-section-height-default\" data-id=\"1a14c87\" data-element_type=\"section\">\n\t\t\t\t\t\t<div class=\"elementor-container elementor-column-gap-default\">\n\t\t\t\t\t<div class=\"elementor-column elementor-col-100 elementor-top-column elementor-element elementor-element-0082aa7\" data-id=\"0082aa7\" data-element_type=\"column\">\n\t\t\t<div class=\"elementor-widget-wrap elementor-element-populated\">\n\t\t\t\t\t\t\t\t<div class=\"elementor-element elementor-element-1558f81 elementor-tabs-view-horizontal elementor-widget elementor-widget-tabs\" data-id=\"1558f81\" data-element_type=\"widget\" data-widget_type=\"tabs.default\">\n\t\t\t\t<div class=\"elementor-widget-container\">\n\t\t\t\t\t<div class=\"elementor-tabs\">\n\t\t\t<div class=\"elementor-tabs-wrapper\" role=\"tablist\" >\n\t\t\t\t\t\t\t\t\t<div id=\"elementor-tab-title-2231\" class=\"elementor-tab-title elementor-tab-desktop-title\" aria-selected=\"true\" data-tab=\"1\" role=\"tab\" tabindex=\"0\" aria-controls=\"elementor-tab-content-2231\" aria-expanded=\"false\">INTEGRANTES<\/div>\n\t\t\t\t\t\t\t\t\t<div id=\"elementor-tab-title-2232\" class=\"elementor-tab-title elementor-tab-desktop-title\" aria-selected=\"false\" data-tab=\"2\" role=\"tab\" tabindex=\"-1\" aria-controls=\"elementor-tab-content-2232\" aria-expanded=\"false\">FUNCIONES<\/div>\n\t\t\t\t\t\t\t<\/div>\n\t\t\t<div class=\"elementor-tabs-content-wrapper\" role=\"tablist\" aria-orientation=\"vertical\">\n\t\t\t\t\t\t\t\t\t<div class=\"elementor-tab-title elementor-tab-mobile-title\" aria-selected=\"true\" data-tab=\"1\" role=\"tab\" tabindex=\"0\" aria-controls=\"elementor-tab-content-2231\" aria-expanded=\"false\">INTEGRANTES<\/div>\n\t\t\t\t\t<div id=\"elementor-tab-content-2231\" class=\"elementor-tab-content elementor-clearfix\" data-tab=\"1\" role=\"tabpanel\" aria-labelledby=\"elementor-tab-title-2231\" tabindex=\"0\" hidden=\"false\"><p>El consejo acad\u00e9mico es convocado y presidido por el Rector y est\u00e1 integrado por los directivos, docentes y un docente de cada \u00e1rea que ofrece la instituci\u00f3n.\u00a0<\/p><p>El Rector, quien lo convoca y preside:\u00a0 \u00a0 \u00a0 \u00a0 \u00a0 \u00a0 \u00a0 \u00a0<br \/>Pbro. EVER DE ARCO SOLANO<\/p><p><strong>Los Coordinadores acad\u00e9micos:<br \/><\/strong><\/p><p>Lic. OSCAR MAURICIO PALENCIA CASTA\u00d1EDA<br \/>\u00a0Psic. YANETH ROZZO CACERES<\/p><p>Un maestro por cada \u00e1rea definida en el plan de estudio:<\/p><table style=\"height: 1282px;\" width=\"254\"><tbody><tr><td width=\"293\"><p><strong>MAESTRO<\/strong><\/p><\/td><td width=\"236\"><p><strong>AREA<\/strong><\/p><\/td><\/tr><tr><td width=\"293\"><table><tbody><tr><td width=\"293\"><p>YANELYS YAZMIN MESTRE \u00c1LVAREZ<\/p><\/td><\/tr><\/tbody><\/table><\/td><td width=\"236\"><p>CIENCIAS SOCIALES<\/p><\/td><\/tr><tr><td width=\"293\"><p>BLEIDY YOLIMA BARRIENTOS CORTES<\/p><\/td><td width=\"236\"><table><tbody><tr><td width=\"236\"><p>EDUCACI\u00d3N ETICA Y RELIGI\u00d3N<\/p><\/td><\/tr><\/tbody><\/table><\/td><\/tr><tr><td width=\"293\"><p>YANETH CRISTINA ESPINOSA ESPINOSA<\/p><\/td><td width=\"236\"><p>LENGUA CASTELLANA<\/p><\/td><\/tr><tr><td width=\"293\"><table><tbody><tr><td width=\"293\"><p>JORGE ENRIQUE HERN\u00c1NDEZ MORENO<\/p><\/td><\/tr><\/tbody><\/table><\/td><td width=\"236\"><p>INGL\u00c9S<\/p><\/td><\/tr><tr><td width=\"293\"><table><tbody><tr><td width=\"293\"><p>CESAR ALIRIO REY RANGEL<\/p><\/td><\/tr><\/tbody><\/table><\/td><td width=\"236\"><p>MATEM\u00c1TICAS<\/p><\/td><\/tr><tr><td width=\"293\"><p>JORGE IGNACIO CIFUENTES OYOLA<\/p><\/td><td width=\"236\"><p>EDUCACI\u00d3N\u00a0 F\u00cdSICA<\/p><\/td><\/tr><tr><td width=\"293\"><p>CAMILO ALEXANDER FIERRO GONZ\u00c1LEZ<\/p><\/td><td width=\"236\"><p>INFORM\u00c1TICA<\/p><\/td><\/tr><tr><td width=\"293\"><p>MAYELA BELTR\u00c1N BAZA<\/p><\/td><td width=\"236\"><p>CIENCIAS NATURALES<\/p><\/td><\/tr><tr><td width=\"293\"><p>ALBERTO LUIS SALGADO BAUTISTA<\/p><\/td><td width=\"236\"><p>EDUCACI\u00d3N ART\u00cdSTICA<\/p><\/td><\/tr><tr><td width=\"293\">\u00a0<\/td><td width=\"236\">\u00a0<\/td><\/tr><\/tbody><\/table><p>Un maestro de primaria por cada grado que existe en la instituci\u00f3n:<\/p><p><strong>KARLA JULIETH P\u00c9REZ BAR\u00d3N<\/strong>, <strong>LUISA FERNANDA CONTRERAS RIVERA, ANGIE KATHERINE S\u00c1NCHEZ BOTINA, KARINA ANDREA CONDE FL\u00d3REZ, DANIELA GUTIERREZ QUINTERO \u00a0Y LUIS FERNANDO OJEDA PEDROZO.<\/strong><\/p><\/div>\n\t\t\t\t\t\t\t\t\t<div class=\"elementor-tab-title elementor-tab-mobile-title\" aria-selected=\"false\" data-tab=\"2\" role=\"tab\" tabindex=\"-1\" aria-controls=\"elementor-tab-content-2232\" aria-expanded=\"false\">FUNCIONES<\/div>\n\t\t\t\t\t<div id=\"elementor-tab-content-2232\" class=\"elementor-tab-content elementor-clearfix\" data-tab=\"2\" role=\"tabpanel\" aria-labelledby=\"elementor-tab-title-2232\" tabindex=\"0\" hidden=\"hidden\"><p>Se reunir\u00e1n peri\u00f3dicamente para participar en:<\/p><ol><li>El estudio, modificaci\u00f3n y ajustes al curr\u00edculo, de conformidad con lo establecido en la Ley 115 de 1994.<\/li><li>La organizaci\u00f3n del plan de estudios.<\/li><li>La evaluaci\u00f3n anual e institucional.<\/li><li>Todas las funciones que ata\u00f1e a la buena marcha de la instituci\u00f3n educativa.<\/li><\/ol><\/div>\n\t\t\t\t\t\t\t<\/div>\n\t\t<\/div>\n\t\t\t\t<\/div>\n\t\t\t\t<\/div>\n\t\t\t\t\t<\/div>\n\t\t<\/div>\n\t\t\t\t\t\t\t<\/div>\n\t\t<\/section>\n\t\t\t\t\t\t<\/div>\n\t\t\t\t\t<\/div>\n\t\t","protected":false},"excerpt":{"rendered":"<p>INTEGRANTES FUNCIONES INTEGRANTES El consejo acad\u00e9mico es convocado y presidido por el Rector y est\u00e1 integrado por los directivos, docentes y un docente de cada \u00e1rea que ofrece la instituci\u00f3n.\u00a0 El Rector, quien lo convoca y preside:\u00a0 \u00a0 \u00a0 \u00a0 \u00a0 \u00a0 \u00a0 \u00a0Pbro. EVER DE ARCO SOLANO Los Coordinadores acad\u00e9micos: Lic. OSCAR MAURICIO PALENCIA &hellip;<\/p>\n","protected":false},"author":1,"featured_media":0,"parent":0,"menu_order":0,"comment_status":"closed","ping_status":"closed","template":"","meta":{"footnotes":""},"class_list":["post-5312","page","type-page","status-publish","hentry"],"_links":{"self":[{"href":"https:\/\/seminariospc.edu.co\/index.php?rest_route=\/wp\/v2\/pages\/5312","targetHints":{"allow":["GET"]}}],"collection":[{"href":"https:\/\/seminariospc.edu.co\/index.php?rest_route=\/wp\/v2\/pages"}],"about":[{"href":"https:\/\/seminariospc.edu.co\/index.php?rest_route=\/wp\/v2\/types\/page"}],"author":[{"embeddable":true,"href":"https:\/\/seminariospc.edu.co\/index.php?rest_route=\/wp\/v2\/users\/1"}],"replies":[{"embeddable":true,"href":"https:\/\/seminariospc.edu.co\/index.php?rest_route=%2Fwp%2Fv2%2Fcomments&post=5312"}],"version-history":[{"count":16,"href":"https:\/\/seminariospc.edu.co\/index.php?rest_route=\/wp\/v2\/pages\/5312\/revisions"}],"predecessor-version":[{"id":5868,"href":"https:\/\/seminariospc.edu.co\/index.php?rest_route=\/wp\/v2\/pages\/5312\/revisions\/5868"}],"wp:attachment":[{"href":"https:\/\/seminariospc.edu.co\/index.php?rest_route=%2Fwp%2Fv2%2Fmedia&parent=5312"}],"curies":[{"name":"wp","href":"https:\/\/api.w.org\/{rel}","templated":true}]}}