{"id":5327,"date":"2021-03-08T03:18:29","date_gmt":"2021-03-08T03:18:29","guid":{"rendered":"http:\/\/www.seminariospc.edu.co\/?page_id=5327"},"modified":"2023-03-24T18:10:15","modified_gmt":"2023-03-24T18:10:15","slug":"asociacion-de-padres-de-familia","status":"publish","type":"page","link":"https:\/\/seminariospc.edu.co\/?page_id=5327","title":{"rendered":"ASOCIACI\u00d3N DE PADRES DE FAMILIA"},"content":{"rendered":"\t\t<div data-elementor-type=\"wp-page\" data-elementor-id=\"5327\" class=\"elementor elementor-5327\" data-elementor-settings=\"[]\">\n\t\t\t\t\t\t\t<div class=\"elementor-section-wrap\">\n\t\t\t\t\t\t\t<section class=\"elementor-section elementor-top-section elementor-element elementor-element-b87767e elementor-section-boxed elementor-section-height-default elementor-section-height-default\" data-id=\"b87767e\" data-element_type=\"section\">\n\t\t\t\t\t\t<div class=\"elementor-container elementor-column-gap-default\">\n\t\t\t\t\t<div class=\"elementor-column elementor-col-100 elementor-top-column elementor-element elementor-element-2037074\" data-id=\"2037074\" data-element_type=\"column\">\n\t\t\t<div class=\"elementor-widget-wrap elementor-element-populated\">\n\t\t\t\t\t\t\t\t<div class=\"elementor-element elementor-element-71868dd elementor-widget elementor-widget-image\" data-id=\"71868dd\" data-element_type=\"widget\" data-widget_type=\"image.default\">\n\t\t\t\t<div class=\"elementor-widget-container\">\n\t\t\t\t\t\t\t\t\t\t\t\t\t\t\t<img loading=\"lazy\" decoding=\"async\" width=\"1024\" height=\"605\" src=\"https:\/\/seminariospc.edu.co\/wp-content\/uploads\/2023\/03\/WhatsApp-Image-2023-03-21-at-12.11.50-PM-1024x605.jpeg\" class=\"attachment-large size-large\" alt=\"\" srcset=\"https:\/\/seminariospc.edu.co\/wp-content\/uploads\/2023\/03\/WhatsApp-Image-2023-03-21-at-12.11.50-PM-1024x605.jpeg 1024w, https:\/\/seminariospc.edu.co\/wp-content\/uploads\/2023\/03\/WhatsApp-Image-2023-03-21-at-12.11.50-PM-300x177.jpeg 300w, https:\/\/seminariospc.edu.co\/wp-content\/uploads\/2023\/03\/WhatsApp-Image-2023-03-21-at-12.11.50-PM-768x454.jpeg 768w, https:\/\/seminariospc.edu.co\/wp-content\/uploads\/2023\/03\/WhatsApp-Image-2023-03-21-at-12.11.50-PM.jpeg 1080w\" sizes=\"auto, (max-width: 1024px) 100vw, 1024px\" \/>\t\t\t\t\t\t\t\t\t\t\t\t\t\t\t<\/div>\n\t\t\t\t<\/div>\n\t\t\t\t\t<\/div>\n\t\t<\/div>\n\t\t\t\t\t\t\t<\/div>\n\t\t<\/section>\n\t\t\t\t<section class=\"elementor-section elementor-top-section elementor-element elementor-element-d99e23f elementor-section-boxed elementor-section-height-default elementor-section-height-default\" data-id=\"d99e23f\" data-element_type=\"section\">\n\t\t\t\t\t\t<div class=\"elementor-container elementor-column-gap-default\">\n\t\t\t\t\t<div class=\"elementor-column elementor-col-100 elementor-top-column elementor-element elementor-element-a234ecd\" data-id=\"a234ecd\" data-element_type=\"column\">\n\t\t\t<div class=\"elementor-widget-wrap elementor-element-populated\">\n\t\t\t\t\t\t\t\t<div class=\"elementor-element elementor-element-9106d1d elementor-tabs-view-horizontal elementor-widget elementor-widget-tabs\" data-id=\"9106d1d\" data-element_type=\"widget\" data-widget_type=\"tabs.default\">\n\t\t\t\t<div class=\"elementor-widget-container\">\n\t\t\t\t\t<div class=\"elementor-tabs\">\n\t\t\t<div class=\"elementor-tabs-wrapper\" role=\"tablist\" >\n\t\t\t\t\t\t\t\t\t<div id=\"elementor-tab-title-1521\" class=\"elementor-tab-title elementor-tab-desktop-title\" aria-selected=\"true\" data-tab=\"1\" role=\"tab\" tabindex=\"0\" aria-controls=\"elementor-tab-content-1521\" aria-expanded=\"false\">DEFINICI\u00d3N<\/div>\n\t\t\t\t\t\t\t\t\t<div id=\"elementor-tab-title-1522\" class=\"elementor-tab-title elementor-tab-desktop-title\" aria-selected=\"false\" data-tab=\"2\" role=\"tab\" tabindex=\"-1\" aria-controls=\"elementor-tab-content-1522\" aria-expanded=\"false\">INTEGRANTES<\/div>\n\t\t\t\t\t\t\t\t\t<div id=\"elementor-tab-title-1523\" class=\"elementor-tab-title elementor-tab-desktop-title\" aria-selected=\"false\" data-tab=\"3\" role=\"tab\" tabindex=\"-1\" aria-controls=\"elementor-tab-content-1523\" aria-expanded=\"false\">FUNCIONES<\/div>\n\t\t\t\t\t\t\t<\/div>\n\t\t\t<div class=\"elementor-tabs-content-wrapper\" role=\"tablist\" aria-orientation=\"vertical\">\n\t\t\t\t\t\t\t\t\t<div class=\"elementor-tab-title elementor-tab-mobile-title\" aria-selected=\"true\" data-tab=\"1\" role=\"tab\" tabindex=\"0\" aria-controls=\"elementor-tab-content-1521\" aria-expanded=\"false\">DEFINICI\u00d3N<\/div>\n\t\t\t\t\t<div id=\"elementor-tab-content-1521\" class=\"elementor-tab-content elementor-clearfix\" data-tab=\"1\" role=\"tabpanel\" aria-labelledby=\"elementor-tab-title-1521\" tabindex=\"0\" hidden=\"false\"><p>La asociaci\u00f3n de padres de familia es una entidad jur\u00eddica de derecho privado, sin \u00e1nimo de lucro, que se constituye por la decisi\u00f3n libre y voluntaria de los padres de familia de los estudiantes matriculados en un establecimiento educativo.<\/p><p>S\u00f3lo existir\u00e1 una asociaci\u00f3n de padres de familia por establecimiento educativo y el procedimiento para su constituci\u00f3n est\u00e1 previsto en el art\u00edculo 40 del Decreto 2150 de 1995 y solo tendr\u00e1 vigencia legal cuando haya adoptado sus propios estatutos y se haya inscrito ante la C\u00e1mara de Comercio. Su patrimonio y gesti\u00f3n deben estar claramente separados de los del establecimiento educativo.<\/p><p>Durante el transcurso del primer mes del a\u00f1o escolar contado desde la fecha de iniciaci\u00f3n de las actividades acad\u00e9micas, el Rector del establecimiento educativo convocar\u00e1 a los padres de familia para que elijan a sus representantes en el consejo de padres de familia.<\/p><p>La elecci\u00f3n de los representantes de los padres para el correspondiente a\u00f1o lectivo se efectuar\u00e1 en reuni\u00f3n por grados, por mayor\u00eda, con la presencia de, al menos, el cincuenta por ciento (50%) de los padres, o de los padres presentes despu\u00e9s de transcurrida la primera hora de iniciada la reuni\u00f3n La asamblea de la asociaci\u00f3n elegir\u00e1 uno de los dos representantes de los padres ante el consejo directivo, caso en el cual el consejo de padres elegir\u00e1 solamente a un padre de familia como miembro del consejo directivo.<\/p><\/div>\n\t\t\t\t\t\t\t\t\t<div class=\"elementor-tab-title elementor-tab-mobile-title\" aria-selected=\"false\" data-tab=\"2\" role=\"tab\" tabindex=\"-1\" aria-controls=\"elementor-tab-content-1522\" aria-expanded=\"false\">INTEGRANTES<\/div>\n\t\t\t\t\t<div id=\"elementor-tab-content-1522\" class=\"elementor-tab-content elementor-clearfix\" data-tab=\"2\" role=\"tabpanel\" aria-labelledby=\"elementor-tab-title-1522\" tabindex=\"0\" hidden=\"hidden\"><p><strong>INTEGRANTES:<br \/><\/strong><strong>Presidente:<\/strong> JEAN ITABEN ACOSTA<br \/><strong>Vicepresidente: <\/strong>LAURA MARCELA YEPES<br \/><strong>Tesorera:<\/strong> SHIRLEY PAOLA ALZATE GUERRA<br \/><strong>Secretario:<\/strong> OSWALDO JIMENEZ<br \/><strong>Fiscal:<\/strong> \u00a0ROSYSABEL HERNANDEZ<br \/><strong>Vocal 1:<\/strong> Sr. BYRON CUADROS <br \/><br \/><\/p><\/div>\n\t\t\t\t\t\t\t\t\t<div class=\"elementor-tab-title elementor-tab-mobile-title\" aria-selected=\"false\" data-tab=\"3\" role=\"tab\" tabindex=\"-1\" aria-controls=\"elementor-tab-content-1523\" aria-expanded=\"false\">FUNCIONES<\/div>\n\t\t\t\t\t<div id=\"elementor-tab-content-1523\" class=\"elementor-tab-content elementor-clearfix\" data-tab=\"3\" role=\"tabpanel\" aria-labelledby=\"elementor-tab-title-1523\" tabindex=\"0\" hidden=\"hidden\"><ol><li>Apoyar la ejecuci\u00f3n del proyecto educativo institucional y el plan de mejoramiento del establecimiento educativo.<\/li><li>Promover la construcci\u00f3n de un clima de confianza, tolerancia y respeto entre todos los miembros de la comunidad educativa.<\/li><li>Promover los procesos de formaci\u00f3n y actualizaci\u00f3n de los padres de familia.<\/li><li>Apoyar a las familias y a los estudiantes en el desarrollo de las acciones necesarias para mejorar sus resultados de Aprendizaje.<\/li><li>Promover entre los padres de familia una cultura de convivencia, soluci\u00f3n pac\u00edfica de los conflictos y compromiso con la legalidad.<\/li><li>Facilitar la soluci\u00f3n de los problemas individuales y colectivos de los menores y propiciar acciones tendientes al mejoramiento de su formaci\u00f3n integral de conformidad con lo establecido en el art\u00edculo 315 del Decreto 2737 de 1989.<\/li><\/ol><\/div>\n\t\t\t\t\t\t\t<\/div>\n\t\t<\/div>\n\t\t\t\t<\/div>\n\t\t\t\t<\/div>\n\t\t\t\t\t<\/div>\n\t\t<\/div>\n\t\t\t\t\t\t\t<\/div>\n\t\t<\/section>\n\t\t\t\t<section class=\"elementor-section elementor-top-section elementor-element elementor-element-72c44f1 elementor-section-boxed elementor-section-height-default elementor-section-height-default\" data-id=\"72c44f1\" data-element_type=\"section\">\n\t\t\t\t\t\t<div class=\"elementor-container elementor-column-gap-default\">\n\t\t\t\t\t<div class=\"elementor-column elementor-col-100 elementor-top-column elementor-element elementor-element-350c390\" data-id=\"350c390\" data-element_type=\"column\">\n\t\t\t<div class=\"elementor-widget-wrap elementor-element-populated\">\n\t\t\t\t\t\t\t\t<div class=\"elementor-element elementor-element-b0db05e elementor-widget elementor-widget-wp-widget-cityofwp_news_widget\" data-id=\"b0db05e\" data-element_type=\"widget\" data-widget_type=\"wp-widget-cityofwp_news_widget.default\">\n\t\t\t\t<div class=\"elementor-widget-container\">\n\t\t\t\t\t\r\n\t\t        \r\n        <div class=\"featured-widget\">\r\n\t\t\r\n        \t        \r\n                <h2 class=\"block ghost\">\r\n                \r\n                    <span class=\"maintitle\">Actividades<\/span>\r\n                    \r\n                                            \r\n                <\/h2>\r\n\t\t\t\r\n                        \r\n\t\t\t            \r\n            \r\n\t\t\t            \r\n                <div class=\"blogger imglarge\">\r\n                \r\n\t\t\t\t                \t          \t<div class=\"item normal tranz ghost post-6073 post type-post status-publish format-standard has-post-thumbnail hentry category-asosiacion-de-padres-de-familia\">\r\n     \r\n                <div class=\"entryhead\">\r\n                \r\n                \t<div class=\"icon-rating tranz\">\r\n            \r\n                    \t                    \r\n                    \t                    \r\n                    <\/div>\r\n                    \r\n                    <div class=\"imgwrap\">\r\n                        \r\n                                            \r\n                        \t\t\t\t\t\t\t\t\t<a href=\"https:\/\/seminariospc.edu.co\/?p=6073\">\r\n\t\t\t\t\t\t\t\t\t\t<img loading=\"lazy\" decoding=\"async\" width=\"864\" height=\"380\" src=\"https:\/\/seminariospc.edu.co\/wp-content\/uploads\/2023\/06\/WhatsApp-Image-2023-06-15-at-9.54.56-AM-864x380.jpeg\" class=\"standard grayscale grayscale-fade wp-post-image\" alt=\"\" srcset=\"https:\/\/seminariospc.edu.co\/wp-content\/uploads\/2023\/06\/WhatsApp-Image-2023-06-15-at-9.54.56-AM-864x380.jpeg 864w, https:\/\/seminariospc.edu.co\/wp-content\/uploads\/2023\/06\/WhatsApp-Image-2023-06-15-at-9.54.56-AM-411x180.jpeg 411w\" sizes=\"auto, (max-width: 864px) 100vw, 864px\" \/>\t\t\t\t\t\t\t\t\t<\/a>\r\n\t\t\t\t\t\t\t\t                \r\n                    <\/div>\r\n  \t\t\t\t\r\n                \t    \r\n\t<p class=\"meta cat tranz ribbon \">\r\n\t\t<a href=\"https:\/\/seminariospc.edu.co\/?cat=30\" rel=\"category\">Asociaci\u00f3n de Padres de Familia<\/a>    <\/p>\r\n                    \r\n                <\/div><!-- end .entryhead -->\r\n    \r\n                <h2 class=\"posttitle\"><a class=\"link link--forsure\" href=\"https:\/\/seminariospc.edu.co\/?p=6073\">Celebraci\u00f3n D\u00eda del Estudiante<\/a><\/h2>\r\n    \r\n            \t<div class=\"item_inn tranz p-border\">\r\n                    \r\n\t\t\t\t\t<div class=\"entry\">\r\n\r\n\t\t\t\t\t\t<p class=\"teaser\">La Asociaci\u00f3n de Padres de Familia del Seminario San Pedro Claver, realiz\u00f3 compatir para los ni\u00f1os y ni\u00f1as de la Instituci\u00f3n en celebraci\u00f3n del D\u00eda del Estudiante.<\/p>\r\n                    \r\n                        <div class=\"meta-general p-border\">\r\n                        \r\n                               \r\n\t<p class=\"meta p-border \">\r\n\t\t<i class=\"icon-clock\"><\/i> junio 15, 2023    <\/p>\r\n    \r\n\t<p class=\"meta_more\">\r\n    \t\t<a href=\"https:\/\/seminariospc.edu.co\/?p=6073\">Read More <i class=\"fa fa-angle-right\"><\/i><\/a>\r\n    <\/p>\r\n                                \r\n                        <\/div>\r\n                    \r\n                    <\/div>\r\n                     \r\n                \r\n                <\/div><!-- end .item_inn -->\r\n        \r\n            <\/div>            \r\n\t\t\t\t                \t          \t<div class=\"item normal tranz ghost post-6052 post type-post status-publish format-standard has-post-thumbnail hentry category-asosiacion-de-padres-de-familia\">\r\n     \r\n                <div class=\"entryhead\">\r\n                \r\n                \t<div class=\"icon-rating tranz\">\r\n            \r\n                    \t                    \r\n                    \t                    \r\n                    <\/div>\r\n                    \r\n                    <div class=\"imgwrap\">\r\n                        \r\n                                            \r\n                        \t\t\t\t\t\t\t\t\t<a href=\"https:\/\/seminariospc.edu.co\/?p=6052\">\r\n\t\t\t\t\t\t\t\t\t\t<img loading=\"lazy\" decoding=\"async\" width=\"864\" height=\"380\" src=\"https:\/\/seminariospc.edu.co\/wp-content\/uploads\/2023\/06\/WhatsApp-Image-2023-06-02-at-10.20.57-AM-864x380.jpeg\" class=\"standard grayscale grayscale-fade wp-post-image\" alt=\"\" srcset=\"https:\/\/seminariospc.edu.co\/wp-content\/uploads\/2023\/06\/WhatsApp-Image-2023-06-02-at-10.20.57-AM-864x380.jpeg 864w, https:\/\/seminariospc.edu.co\/wp-content\/uploads\/2023\/06\/WhatsApp-Image-2023-06-02-at-10.20.57-AM-411x180.jpeg 411w\" sizes=\"auto, (max-width: 864px) 100vw, 864px\" \/>\t\t\t\t\t\t\t\t\t<\/a>\r\n\t\t\t\t\t\t\t\t                \r\n                    <\/div>\r\n  \t\t\t\t\r\n                \t    \r\n\t<p class=\"meta cat tranz ribbon \">\r\n\t\t<a href=\"https:\/\/seminariospc.edu.co\/?cat=30\" rel=\"category\">Asociaci\u00f3n de Padres de Familia<\/a>    <\/p>\r\n                    \r\n                <\/div><!-- end .entryhead -->\r\n    \r\n                <h2 class=\"posttitle\"><a class=\"link link--forsure\" href=\"https:\/\/seminariospc.edu.co\/?p=6052\">Entrega de Detalles para Maestros de la Instituci\u00f3n<\/a><\/h2>\r\n    \r\n            \t<div class=\"item_inn tranz p-border\">\r\n                    \r\n\t\t\t\t\t<div class=\"entry\">\r\n\r\n\t\t\t\t\t\t<p class=\"teaser\">La Asociaci\u00f3n de Padres de Familia del Seminario San Pedro Claver, compartieron con todos los Docentes de la instituci\u00f3n detallitos en celebraci\u00f3n del D\u00eda del Maestro.<\/p>\r\n                    \r\n                        <div class=\"meta-general p-border\">\r\n                        \r\n                               \r\n\t<p class=\"meta p-border \">\r\n\t\t<i class=\"icon-clock\"><\/i> junio 2, 2023    <\/p>\r\n    \r\n\t<p class=\"meta_more\">\r\n    \t\t<a href=\"https:\/\/seminariospc.edu.co\/?p=6052\">Read More <i class=\"fa fa-angle-right\"><\/i><\/a>\r\n    <\/p>\r\n                                \r\n                        <\/div>\r\n                    \r\n                    <\/div>\r\n                     \r\n                \r\n                <\/div><!-- end .item_inn -->\r\n        \r\n            <\/div>            \r\n\t\t\t\t                \t          \t<div class=\"item normal tranz ghost post-6017 post type-post status-publish format-standard has-post-thumbnail hentry category-asosiacion-de-padres-de-familia category-uncategorized\">\r\n     \r\n                <div class=\"entryhead\">\r\n                \r\n                \t<div class=\"icon-rating tranz\">\r\n            \r\n                    \t                    \r\n                    \t                    \r\n                    <\/div>\r\n                    \r\n                    <div class=\"imgwrap\">\r\n                        \r\n                                            \r\n                        \t\t\t\t\t\t\t\t\t<a href=\"https:\/\/seminariospc.edu.co\/?p=6017\">\r\n\t\t\t\t\t\t\t\t\t\t<img loading=\"lazy\" decoding=\"async\" width=\"864\" height=\"380\" src=\"https:\/\/seminariospc.edu.co\/wp-content\/uploads\/2023\/05\/WhatsApp-Image-2023-05-11-at-7.35.52-AM-1-864x380.jpeg\" class=\"standard grayscale grayscale-fade wp-post-image\" alt=\"\" srcset=\"https:\/\/seminariospc.edu.co\/wp-content\/uploads\/2023\/05\/WhatsApp-Image-2023-05-11-at-7.35.52-AM-1-864x380.jpeg 864w, https:\/\/seminariospc.edu.co\/wp-content\/uploads\/2023\/05\/WhatsApp-Image-2023-05-11-at-7.35.52-AM-1-411x180.jpeg 411w\" sizes=\"auto, (max-width: 864px) 100vw, 864px\" \/>\t\t\t\t\t\t\t\t\t<\/a>\r\n\t\t\t\t\t\t\t\t                \r\n                    <\/div>\r\n  \t\t\t\t\r\n                \t    \r\n\t<p class=\"meta cat tranz ribbon \">\r\n\t\t<a href=\"https:\/\/seminariospc.edu.co\/?cat=30\" rel=\"category\">Asociaci\u00f3n de Padres de Familia<\/a> &bull; <a href=\"https:\/\/seminariospc.edu.co\/?cat=1\" rel=\"category\">Uncategorized<\/a>    <\/p>\r\n                    \r\n                <\/div><!-- end .entryhead -->\r\n    \r\n                <h2 class=\"posttitle\"><a class=\"link link--forsure\" href=\"https:\/\/seminariospc.edu.co\/?p=6017\">Celebraci\u00f3n d\u00eda de la Secretaria<\/a><\/h2>\r\n    \r\n            \t<div class=\"item_inn tranz p-border\">\r\n                    \r\n\t\t\t\t\t<div class=\"entry\">\r\n\r\n\t\t\t\t\t\t<p class=\"teaser\">En el marco de la Celebraci\u00f3n del d\u00eda de la Secretaria la Asociaci\u00f3n de Padres de Familia, y el Seminario San Pedro Claver, felicita a Beatriz Bedoya y a Yamile Moya, por su ayuda, dedicaci\u00f3n y compromiso.<\/p>\r\n                    \r\n                        <div class=\"meta-general p-border\">\r\n                        \r\n                               \r\n\t<p class=\"meta p-border \">\r\n\t\t<i class=\"icon-clock\"><\/i> mayo 11, 2023    <\/p>\r\n    \r\n\t<p class=\"meta_more\">\r\n    \t\t<a href=\"https:\/\/seminariospc.edu.co\/?p=6017\">Read More <i class=\"fa fa-angle-right\"><\/i><\/a>\r\n    <\/p>\r\n                                \r\n                        <\/div>\r\n                    \r\n                    <\/div>\r\n                     \r\n                \r\n                <\/div><!-- end .item_inn -->\r\n        \r\n            <\/div>            \r\n\t\t\t\t                \t          \t<div class=\"item normal tranz ghost post-5818 post type-post status-publish format-standard has-post-thumbnail hentry category-asosiacion-de-padres-de-familia category-seminario-news\">\r\n     \r\n                <div class=\"entryhead\">\r\n                \r\n                \t<div class=\"icon-rating tranz\">\r\n            \r\n                    \t                    \r\n                    \t                    \r\n                    <\/div>\r\n                    \r\n                    <div class=\"imgwrap\">\r\n                        \r\n                                            \r\n                        \t\t\t\t\t\t\t\t\t<a href=\"https:\/\/seminariospc.edu.co\/?p=5818\">\r\n\t\t\t\t\t\t\t\t\t\t<img loading=\"lazy\" decoding=\"async\" width=\"864\" height=\"380\" src=\"https:\/\/seminariospc.edu.co\/wp-content\/uploads\/2023\/03\/WhatsApp-Image-2023-03-21-at-12.11.50-PM-864x380.jpeg\" class=\"standard grayscale grayscale-fade wp-post-image\" alt=\"\" srcset=\"https:\/\/seminariospc.edu.co\/wp-content\/uploads\/2023\/03\/WhatsApp-Image-2023-03-21-at-12.11.50-PM-864x380.jpeg 864w, https:\/\/seminariospc.edu.co\/wp-content\/uploads\/2023\/03\/WhatsApp-Image-2023-03-21-at-12.11.50-PM-411x180.jpeg 411w\" sizes=\"auto, (max-width: 864px) 100vw, 864px\" \/>\t\t\t\t\t\t\t\t\t<\/a>\r\n\t\t\t\t\t\t\t\t                \r\n                    <\/div>\r\n  \t\t\t\t\r\n                \t    \r\n\t<p class=\"meta cat tranz ribbon \">\r\n\t\t<a href=\"https:\/\/seminariospc.edu.co\/?cat=30\" rel=\"category\">Asociaci\u00f3n de Padres de Familia<\/a> &bull; <a href=\"https:\/\/seminariospc.edu.co\/?cat=2\" rel=\"category\">Noticias Seminario<\/a>    <\/p>\r\n                    \r\n                <\/div><!-- end .entryhead -->\r\n    \r\n                <h2 class=\"posttitle\"><a class=\"link link--forsure\" href=\"https:\/\/seminariospc.edu.co\/?p=5818\">Detalles por parte de la Asociaci\u00f3n de Padres de Familia<\/a><\/h2>\r\n    \r\n            \t<div class=\"item_inn tranz p-border\">\r\n                    \r\n\t\t\t\t\t<div class=\"entry\">\r\n\r\n\t\t\t\t\t\t<p class=\"teaser\">La Asociaci\u00f3n de Padres de Familia del Seminario San Pedro Claver, compartieron con todos los hombres de la comunidad claveriana detallitos en celebraci\u00f3n del D\u00eda del Hombre.<\/p>\r\n                    \r\n                        <div class=\"meta-general p-border\">\r\n                        \r\n                               \r\n\t<p class=\"meta p-border \">\r\n\t\t<i class=\"icon-clock\"><\/i> marzo 21, 2023    <\/p>\r\n    \r\n\t<p class=\"meta_more\">\r\n    \t\t<a href=\"https:\/\/seminariospc.edu.co\/?p=5818\">Read More <i class=\"fa fa-angle-right\"><\/i><\/a>\r\n    <\/p>\r\n                                \r\n                        <\/div>\r\n                    \r\n                    <\/div>\r\n                     \r\n                \r\n                <\/div><!-- end .item_inn -->\r\n        \r\n            <\/div>            \r\n\t\t\t\t                \r\n                                \r\n                <\/div>\r\n            \r\n\t\t\t<div class=\"clearfix\"><\/div>\r\n\t\t\r\n        <\/div>\r\n        \r\n\t\t\t\t<\/div>\n\t\t\t\t<\/div>\n\t\t\t\t\t<\/div>\n\t\t<\/div>\n\t\t\t\t\t\t\t<\/div>\n\t\t<\/section>\n\t\t\t\t\t\t<\/div>\n\t\t\t\t\t<\/div>\n\t\t","protected":false},"excerpt":{"rendered":"<p>DEFINICI\u00d3N INTEGRANTES FUNCIONES DEFINICI\u00d3N La asociaci\u00f3n de padres de familia es una entidad jur\u00eddica de derecho privado, sin \u00e1nimo de lucro, que se constituye por la decisi\u00f3n libre y voluntaria de los padres de familia de los estudiantes matriculados en un establecimiento educativo. S\u00f3lo existir\u00e1 una asociaci\u00f3n de padres de familia por establecimiento educativo y &hellip;<\/p>\n","protected":false},"author":1,"featured_media":0,"parent":0,"menu_order":0,"comment_status":"closed","ping_status":"closed","template":"","meta":{"footnotes":""},"class_list":["post-5327","page","type-page","status-publish","hentry"],"_links":{"self":[{"href":"https:\/\/seminariospc.edu.co\/index.php?rest_route=\/wp\/v2\/pages\/5327","targetHints":{"allow":["GET"]}}],"collection":[{"href":"https:\/\/seminariospc.edu.co\/index.php?rest_route=\/wp\/v2\/pages"}],"about":[{"href":"https:\/\/seminariospc.edu.co\/index.php?rest_route=\/wp\/v2\/types\/page"}],"author":[{"embeddable":true,"href":"https:\/\/seminariospc.edu.co\/index.php?rest_route=\/wp\/v2\/users\/1"}],"replies":[{"embeddable":true,"href":"https:\/\/seminariospc.edu.co\/index.php?rest_route=%2Fwp%2Fv2%2Fcomments&post=5327"}],"version-history":[{"count":10,"href":"https:\/\/seminariospc.edu.co\/index.php?rest_route=\/wp\/v2\/pages\/5327\/revisions"}],"predecessor-version":[{"id":5888,"href":"https:\/\/seminariospc.edu.co\/index.php?rest_route=\/wp\/v2\/pages\/5327\/revisions\/5888"}],"wp:attachment":[{"href":"https:\/\/seminariospc.edu.co\/index.php?rest_route=%2Fwp%2Fv2%2Fmedia&parent=5327"}],"curies":[{"name":"wp","href":"https:\/\/api.w.org\/{rel}","templated":true}]}}